{"id":12156,"date":"2025-04-10T09:21:04","date_gmt":"2025-04-10T07:21:04","guid":{"rendered":"http:\/\/webecpol.esade.edu\/publicaciones\/el-nou-mercat-de-lloguer-noves-formules-vells-objectius\/"},"modified":"2025-04-10T09:21:04","modified_gmt":"2025-04-10T07:21:04","slug":"el-nou-mercat-de-lloguer-noves-formules-vells-objectius","status":"publish","type":"publicaciones","link":"http:\/\/webecpol.esade.edu\/ca\/publicacions\/el-nou-mercat-de-lloguer-noves-formules-vells-objectius\/","title":{"rendered":"El nou mercat de lloguer: noves f\u00f3rmules, vells objectius"},"content":{"rendered":"<p class=\"\" data-start=\"76\" data-end=\"325\">En aquest article, publicat originalment a l\u2019Informe Econ\u00f2mic i Financer que vam publicar el mar\u00e7 del 2025 amb el suport del Banc Sabadell, l\u2019economista i professor del TecnoCampus Josep Maria Raya analitza a fons el mercat de lloguer i observa que:<\/p>\n<ul data-start=\"327\" data-end=\"674\">\n<li class=\"\" data-start=\"327\" data-end=\"431\">\n<p class=\"\" data-start=\"329\" data-end=\"431\">Es multipliquen els lloguers de temporada i habitacions, atraient oferta en detriment del lloguer fix.<\/p>\n<\/li>\n<li class=\"\" data-start=\"432\" data-end=\"566\">\n<p class=\"\" data-start=\"434\" data-end=\"566\">La incertesa reguladora i la percepci\u00f3 d\u2019inseguretat empenyen els propietaris cap a segments m\u00e9s rendibles o menys incerts\/regulats.<\/p>\n<\/li>\n<li class=\"\" data-start=\"567\" data-end=\"674\">\n<p class=\"\" data-start=\"569\" data-end=\"674\">Aix\u00ed, el mercat es segmenta cada cop m\u00e9s tamb\u00e9 entre lloguer vacacional, de temporada i de llarga durada.<\/p>\n<\/li>\n<\/ul>\n","protected":false},"excerpt":{"rendered":"<p>En aquest article, publicat originalment a l\u2019Informe Econ\u00f2mic i Financer que vam publicar el mar\u00e7 del 2025 amb el suport del Banc Sabadell, l\u2019economista i professor del TecnoCampus Josep Maria Raya analitza a fons el mercat de lloguer i observa que: Es multipliquen els lloguers de temporada i habitacions, atraient oferta en detriment del lloguer [&hellip;]<\/p>\n","protected":false},"featured_media":0,"template":"","yoast_head":"<!-- This site is optimized with the Yoast SEO plugin v22.9 - https:\/\/yoast.com\/wordpress\/plugins\/seo\/ -->\n<title>El nou mercat de lloguer: noves f\u00f3rmules, vells objectius - Center for Economic Policy - EsadeEcPol<\/title>\n<meta name=\"robots\" content=\"index, follow, max-snippet:-1, max-image-preview:large, max-video-preview:-1\" \/>\n<link rel=\"canonical\" href=\"http:\/\/webecpol.esade.edu\/publicaciones\/el-nou-mercat-de-lloguer-noves-formules-vells-objectius\/\" \/>\n<meta property=\"og:locale\" content=\"ca_ES\" \/>\n<meta property=\"og:type\" content=\"article\" \/>\n<meta property=\"og:title\" content=\"El nou mercat de lloguer: noves f\u00f3rmules, vells objectius - Center for Economic Policy - EsadeEcPol\" \/>\n<meta property=\"og:description\" content=\"En aquest article, publicat originalment a l\u2019Informe Econ\u00f2mic i Financer que vam publicar el mar\u00e7 del 2025 amb el suport del Banc Sabadell, l\u2019economista i professor del TecnoCampus Josep Maria Raya analitza a fons el mercat de lloguer i observa que: Es multipliquen els lloguers de temporada i habitacions, atraient oferta en detriment del lloguer [&hellip;]\" \/>\n<meta property=\"og:url\" content=\"http:\/\/webecpol.esade.edu\/publicaciones\/el-nou-mercat-de-lloguer-noves-formules-vells-objectius\/\" \/>\n<meta property=\"og:site_name\" content=\"Center for Economic Policy - EsadeEcPol\" \/>\n<meta name=\"twitter:card\" content=\"summary_large_image\" \/>\n<meta name=\"twitter:site\" content=\"@esadeecpol\" \/>\n<script type=\"application\/ld+json\" class=\"yoast-schema-graph\">{\"@context\":\"https:\/\/schema.org\",\"@graph\":[{\"@type\":\"WebPage\",\"@id\":\"http:\/\/webecpol.esade.edu\/publicaciones\/el-nou-mercat-de-lloguer-noves-formules-vells-objectius\/\",\"url\":\"http:\/\/webecpol.esade.edu\/publicaciones\/el-nou-mercat-de-lloguer-noves-formules-vells-objectius\/\",\"name\":\"El nou mercat de lloguer: noves f\u00f3rmules, vells objectius - Center for Economic Policy - EsadeEcPol\",\"isPartOf\":{\"@id\":\"http:\/\/webecpol.esade.edu\/es\/#website\"},\"datePublished\":\"2025-04-10T07:21:04+00:00\",\"dateModified\":\"2025-04-10T07:21:04+00:00\",\"breadcrumb\":{\"@id\":\"http:\/\/webecpol.esade.edu\/publicaciones\/el-nou-mercat-de-lloguer-noves-formules-vells-objectius\/#breadcrumb\"},\"inLanguage\":\"ca\",\"potentialAction\":[{\"@type\":\"ReadAction\",\"target\":[\"http:\/\/webecpol.esade.edu\/publicaciones\/el-nou-mercat-de-lloguer-noves-formules-vells-objectius\/\"]}]},{\"@type\":\"BreadcrumbList\",\"@id\":\"http:\/\/webecpol.esade.edu\/publicaciones\/el-nou-mercat-de-lloguer-noves-formules-vells-objectius\/#breadcrumb\",\"itemListElement\":[{\"@type\":\"ListItem\",\"position\":1,\"name\":\"Portada\",\"item\":\"http:\/\/webecpol.esade.edu\/ca\/\"},{\"@type\":\"ListItem\",\"position\":2,\"name\":\"Publicaciones\",\"item\":\"http:\/\/webecpol.esade.edu\/es\/publicaciones\/\"},{\"@type\":\"ListItem\",\"position\":3,\"name\":\"El nou mercat de lloguer: noves f\u00f3rmules, vells objectius\"}]},{\"@type\":\"WebSite\",\"@id\":\"http:\/\/webecpol.esade.edu\/es\/#website\",\"url\":\"http:\/\/webecpol.esade.edu\/es\/\",\"name\":\"Center for Economic Policy - EsadeEcPol\",\"description\":\"\",\"potentialAction\":[{\"@type\":\"SearchAction\",\"target\":{\"@type\":\"EntryPoint\",\"urlTemplate\":\"http:\/\/webecpol.esade.edu\/es\/?s={search_term_string}\"},\"query-input\":\"required name=search_term_string\"}],\"inLanguage\":\"ca\"}]}<\/script>\n<!-- \/ Yoast SEO plugin. -->","yoast_head_json":{"title":"El nou mercat de lloguer: noves f\u00f3rmules, vells objectius - Center for Economic Policy - EsadeEcPol","robots":{"index":"index","follow":"follow","max-snippet":"max-snippet:-1","max-image-preview":"max-image-preview:large","max-video-preview":"max-video-preview:-1"},"canonical":"http:\/\/webecpol.esade.edu\/publicaciones\/el-nou-mercat-de-lloguer-noves-formules-vells-objectius\/","og_locale":"ca_ES","og_type":"article","og_title":"El nou mercat de lloguer: noves f\u00f3rmules, vells objectius - Center for Economic Policy - EsadeEcPol","og_description":"En aquest article, publicat originalment a l\u2019Informe Econ\u00f2mic i Financer que vam publicar el mar\u00e7 del 2025 amb el suport del Banc Sabadell, l\u2019economista i professor del TecnoCampus Josep Maria Raya analitza a fons el mercat de lloguer i observa que: Es multipliquen els lloguers de temporada i habitacions, atraient oferta en detriment del lloguer [&hellip;]","og_url":"http:\/\/webecpol.esade.edu\/publicaciones\/el-nou-mercat-de-lloguer-noves-formules-vells-objectius\/","og_site_name":"Center for Economic Policy - EsadeEcPol","twitter_card":"summary_large_image","twitter_site":"@esadeecpol","schema":{"@context":"https:\/\/schema.org","@graph":[{"@type":"WebPage","@id":"http:\/\/webecpol.esade.edu\/publicaciones\/el-nou-mercat-de-lloguer-noves-formules-vells-objectius\/","url":"http:\/\/webecpol.esade.edu\/publicaciones\/el-nou-mercat-de-lloguer-noves-formules-vells-objectius\/","name":"El nou mercat de lloguer: noves f\u00f3rmules, vells objectius - Center for Economic Policy - EsadeEcPol","isPartOf":{"@id":"http:\/\/webecpol.esade.edu\/es\/#website"},"datePublished":"2025-04-10T07:21:04+00:00","dateModified":"2025-04-10T07:21:04+00:00","breadcrumb":{"@id":"http:\/\/webecpol.esade.edu\/publicaciones\/el-nou-mercat-de-lloguer-noves-formules-vells-objectius\/#breadcrumb"},"inLanguage":"ca","potentialAction":[{"@type":"ReadAction","target":["http:\/\/webecpol.esade.edu\/publicaciones\/el-nou-mercat-de-lloguer-noves-formules-vells-objectius\/"]}]},{"@type":"BreadcrumbList","@id":"http:\/\/webecpol.esade.edu\/publicaciones\/el-nou-mercat-de-lloguer-noves-formules-vells-objectius\/#breadcrumb","itemListElement":[{"@type":"ListItem","position":1,"name":"Portada","item":"http:\/\/webecpol.esade.edu\/ca\/"},{"@type":"ListItem","position":2,"name":"Publicaciones","item":"http:\/\/webecpol.esade.edu\/es\/publicaciones\/"},{"@type":"ListItem","position":3,"name":"El nou mercat de lloguer: noves f\u00f3rmules, vells objectius"}]},{"@type":"WebSite","@id":"http:\/\/webecpol.esade.edu\/es\/#website","url":"http:\/\/webecpol.esade.edu\/es\/","name":"Center for Economic Policy - EsadeEcPol","description":"","potentialAction":[{"@type":"SearchAction","target":{"@type":"EntryPoint","urlTemplate":"http:\/\/webecpol.esade.edu\/es\/?s={search_term_string}"},"query-input":"required name=search_term_string"}],"inLanguage":"ca"}]}},"_links":{"self":[{"href":"http:\/\/webecpol.esade.edu\/ca\/wp-json\/wp\/v2\/publicaciones\/12156"}],"collection":[{"href":"http:\/\/webecpol.esade.edu\/ca\/wp-json\/wp\/v2\/publicaciones"}],"about":[{"href":"http:\/\/webecpol.esade.edu\/ca\/wp-json\/wp\/v2\/types\/publicaciones"}],"version-history":[{"count":0,"href":"http:\/\/webecpol.esade.edu\/ca\/wp-json\/wp\/v2\/publicaciones\/12156\/revisions"}],"wp:attachment":[{"href":"http:\/\/webecpol.esade.edu\/ca\/wp-json\/wp\/v2\/media?parent=12156"}],"curies":[{"name":"wp","href":"https:\/\/api.w.org\/{rel}","templated":true}]}}