{"id":11834,"date":"2024-03-21T00:01:32","date_gmt":"2024-03-20T23:01:32","guid":{"rendered":"http:\/\/webecpol.esade.edu\/publicaciones\/se-redujo-el-fraude-fiscal-y-la-economia-sumergida-tras-la-pandemia-analisis-2019-23-a-partir-de-la-recaudacion-del-iva\/"},"modified":"2024-12-18T16:33:05","modified_gmt":"2024-12-18T15:33:05","slug":"se-redujo-el-fraude-fiscal-y-la-economia-sumergida-tras-la-pandemia-analisis-2019-23-a-partir-de-la-recaudacion-del-iva","status":"publish","type":"publicaciones","link":"http:\/\/webecpol.esade.edu\/ca\/publicacions\/se-redujo-el-fraude-fiscal-y-la-economia-sumergida-tras-la-pandemia-analisis-2019-23-a-partir-de-la-recaudacion-del-iva\/","title":{"rendered":"El frau fiscal i l&#8217;economia submergida van disminuir arran de la pand\u00e8mia? An\u00e0lisi del 2019-23 a partir de la recaptaci\u00f3 de l&#8217;IVA"},"content":{"rendered":"<div class=\"page\" title=\"Page 1\">\n<div class=\"section\">\n<div class=\"layoutArea\">\n<div class=\"column\">El frau fiscal i l&#8217;economia submergida van disminuir arran de la pand\u00e8mia? An\u00e0lisi del 2019-23 a partir de la recaptaci\u00f3 de l&#8217;IVA El 2020, la caiguda dels ingressos fiscals va superar la caiguda del PIB, amb un probable creixement de l&#8217;economia subterr\u00e0nia paral\u00b7lelament al descens de l&#8217;activitat econ\u00f2mica. En canvi, el creixement dels ingressos fiscals entre el 2021 i el 2023 va superar les previsions, superant els nivells previs a la pand\u00e8mia.<\/div>\n<div><\/div>\n<div class=\"column\">Per explicar aquest creixement inesperat, aquest estudi considera l&#8217;aparici\u00f3 de l&#8217;economia subterr\u00e0nia com un possible mecanisme. Per fer-ho, s&#8217;examinen si hi ha un augment de la recaptaci\u00f3 de l&#8217;IVA com a possible senyal de l&#8217;emerg\u00e8ncia de l&#8217;economia subterr\u00e0nia, adaptant la metodologia EVADE (Evaluating Value Added Duty Economy) a les estad\u00edstiques de l&#8217;Ag\u00e8ncia Estatal d&#8217;Administraci\u00f3 Tribut\u00e0ria i de l&#8217;Estat Institut d&#8217;Estad\u00edstica.<\/p>\n<div class=\"page\" title=\"Page 1\">\n<div class=\"section\">\n<div class=\"layoutArea\">\n<div class=\"column\">\n<p>Els resultats:<\/p>\n<div class=\"page\" title=\"Page 1\">\n<div class=\"section\">\n<div class=\"layoutArea\">\n<div class=\"column\">\n<ul>\n<li>El percentatge de consum de les llars subjecte a l&#8217;IVA va augmentar entre sis i set punts percentuals, sense canvis significatius en la normativa. Aix\u00f2 nom\u00e9s es pot explicar per l&#8217;aparici\u00f3 d&#8217;activitats econ\u00f2miques no declarades anteriorment.<\/li>\n<li>Aquest augment de la base imposable de l&#8217;IVA va comportar un augment dels ingressos de l&#8217;IVA d&#8217;uns 6.000 milions d&#8217;euros anuals tant el 2022 com el 2023.<\/li>\n<\/ul>\n<\/div>\n<div class=\"page\" title=\"Page 1\">\n<div class=\"section\">\n<div class=\"layoutArea\">\n<div class=\"column\">\n<p>Per explicar qu\u00e8 pot haver provocat aquest millor compliment, plantegem la hip\u00f2tesi que durant la pand\u00e8mia hi hauria hagut canvis socials (possiblement tamb\u00e9 derivats, almenys en part, de la normativa antifrau) que van provocar un augment dels pagaments amb targeta, disminuint el percentatge d&#8217;operacions en efectiu, que no estan igualment controlades per l&#8217;Ag\u00e8ncia Tribut\u00e0ria.<\/p>\n<div class=\"page\" title=\"Page 2\">\n<div class=\"section\">\n<div class=\"layoutArea\">\n<div class=\"column\">\n<p>Per explorar aquesta hip\u00f2tesi, hem analitzat les dades de petites transaccions del Banc d&#8217;Espanya en aquest per\u00edode 2019-2023, distingint entre pagaments de vendes amb targeta i retirades d&#8217;efectiu als caixers.<\/p>\n<\/div>\n<div class=\"page\" title=\"Page 2\">\n<div class=\"section\">\n<div class=\"layoutArea\">\n<div class=\"column\">\n<ul>\n<li>De fet, les dades mostren que el percentatge de consum pagat amb targeta de cr\u00e8dit, que est\u00e0 subjecte a una supervisi\u00f3 m\u00e9s gran que l&#8217;efectiu, va augmentar significativament.<\/li>\n<li>A m\u00e9s, les retirades d&#8217;efectiu amb prou feines van cr\u00e9ixer en el mateix per\u00edode, malgrat la inflaci\u00f3.<\/li>\n<\/ul>\n<p>Per aprofitar aquests bons resultats, recomanem:<\/p>\n<div class=\"page\" title=\"Page 2\">\n<div class=\"section\">\n<div class=\"layoutArea\">\n<div class=\"column\">\n<ul>\n<li>Introduir m\u00e9s mesures per fomentar els pagaments controlats.<\/li>\n<li>Ampliar i aprofundir en la recollida i l&#8217;explotaci\u00f3 d&#8217;informaci\u00f3 per millorar el compliment fiscal voluntari, reduint aix\u00ed el frau fiscal i l&#8217;economia subterr\u00e0nia.<\/li>\n<\/ul>\n<\/div>\n<\/div>\n<\/div>\n<\/div>\n<div class=\"page\" title=\"Page 2\">\n<div class=\"section\">\n<div class=\"layoutArea\">\n<div class=\"column\"><\/div>\n<\/div>\n<\/div>\n<\/div>\n<\/div>\n<\/div>\n<\/div>\n<\/div>\n<\/div>\n<\/div>\n<\/div>\n<\/div>\n<\/div>\n<\/div>\n<\/div>\n<\/div>\n<\/div>\n<\/div>\n<\/div>\n<\/div>\n<\/div>\n<\/div>\n<\/div>\n<\/div>\n<\/div>\n<\/div>\n","protected":false},"excerpt":{"rendered":"<p>El frau fiscal i l&#8217;economia submergida van disminuir arran de la pand\u00e8mia? An\u00e0lisi del 2019-23 a partir de la recaptaci\u00f3 de l&#8217;IVA El 2020, la caiguda dels ingressos fiscals va superar la caiguda del PIB, amb un probable creixement de l&#8217;economia subterr\u00e0nia paral\u00b7lelament al descens de l&#8217;activitat econ\u00f2mica. En canvi, el creixement dels ingressos fiscals [&hellip;]<\/p>\n","protected":false},"featured_media":11239,"template":"","yoast_head":"<!-- This site is optimized with the Yoast SEO plugin v22.9 - https:\/\/yoast.com\/wordpress\/plugins\/seo\/ -->\n<title>El frau fiscal i l&#039;economia submergida van disminuir arran de la pand\u00e8mia? An\u00e0lisi del 2019-23 a partir de la recaptaci\u00f3 de l&#039;IVA - Center for Economic Policy - EsadeEcPol<\/title>\n<meta name=\"robots\" content=\"index, follow, max-snippet:-1, max-image-preview:large, max-video-preview:-1\" \/>\n<link rel=\"canonical\" href=\"http:\/\/webecpol.esade.edu\/ca\/publicacions\/se-redujo-el-fraude-fiscal-y-la-economia-sumergida-tras-la-pandemia-analisis-2019-23-a-partir-de-la-recaudacion-del-iva\/\" \/>\n<meta property=\"og:locale\" content=\"ca_ES\" \/>\n<meta property=\"og:type\" content=\"article\" \/>\n<meta property=\"og:title\" content=\"El frau fiscal i l&#039;economia submergida van disminuir arran de la pand\u00e8mia? An\u00e0lisi del 2019-23 a partir de la recaptaci\u00f3 de l&#039;IVA - Center for Economic Policy - EsadeEcPol\" \/>\n<meta property=\"og:description\" content=\"El frau fiscal i l&#8217;economia submergida van disminuir arran de la pand\u00e8mia? An\u00e0lisi del 2019-23 a partir de la recaptaci\u00f3 de l&#8217;IVA El 2020, la caiguda dels ingressos fiscals va superar la caiguda del PIB, amb un probable creixement de l&#8217;economia subterr\u00e0nia paral\u00b7lelament al descens de l&#8217;activitat econ\u00f2mica. En canvi, el creixement dels ingressos fiscals [&hellip;]\" \/>\n<meta property=\"og:url\" content=\"http:\/\/webecpol.esade.edu\/ca\/publicacions\/se-redujo-el-fraude-fiscal-y-la-economia-sumergida-tras-la-pandemia-analisis-2019-23-a-partir-de-la-recaudacion-del-iva\/\" \/>\n<meta property=\"og:site_name\" content=\"Center for Economic Policy - EsadeEcPol\" \/>\n<meta property=\"article:modified_time\" content=\"2024-12-18T15:33:05+00:00\" \/>\n<meta property=\"og:image\" content=\"http:\/\/webecpol.esade.edu\/wp-content\/uploads\/2024\/03\/Captura-de-pantalla-2024-03-19-a-las-12.28.35.png\" \/>\n\t<meta property=\"og:image:width\" content=\"1030\" \/>\n\t<meta property=\"og:image:height\" content=\"686\" \/>\n\t<meta property=\"og:image:type\" content=\"image\/png\" \/>\n<meta name=\"twitter:card\" content=\"summary_large_image\" \/>\n<meta name=\"twitter:site\" content=\"@esadeecpol\" \/>\n<meta name=\"twitter:label1\" content=\"Temps estimat de lectura\" \/>\n\t<meta name=\"twitter:data1\" content=\"2 minuts\" \/>\n<script type=\"application\/ld+json\" class=\"yoast-schema-graph\">{\"@context\":\"https:\/\/schema.org\",\"@graph\":[{\"@type\":\"WebPage\",\"@id\":\"http:\/\/webecpol.esade.edu\/ca\/publicacions\/se-redujo-el-fraude-fiscal-y-la-economia-sumergida-tras-la-pandemia-analisis-2019-23-a-partir-de-la-recaudacion-del-iva\/\",\"url\":\"http:\/\/webecpol.esade.edu\/ca\/publicacions\/se-redujo-el-fraude-fiscal-y-la-economia-sumergida-tras-la-pandemia-analisis-2019-23-a-partir-de-la-recaudacion-del-iva\/\",\"name\":\"El frau fiscal i l'economia submergida van disminuir arran de la pand\u00e8mia? An\u00e0lisi del 2019-23 a partir de la recaptaci\u00f3 de l'IVA - Center for Economic Policy - EsadeEcPol\",\"isPartOf\":{\"@id\":\"http:\/\/webecpol.esade.edu\/es\/#website\"},\"primaryImageOfPage\":{\"@id\":\"http:\/\/webecpol.esade.edu\/ca\/publicacions\/se-redujo-el-fraude-fiscal-y-la-economia-sumergida-tras-la-pandemia-analisis-2019-23-a-partir-de-la-recaudacion-del-iva\/#primaryimage\"},\"image\":{\"@id\":\"http:\/\/webecpol.esade.edu\/ca\/publicacions\/se-redujo-el-fraude-fiscal-y-la-economia-sumergida-tras-la-pandemia-analisis-2019-23-a-partir-de-la-recaudacion-del-iva\/#primaryimage\"},\"thumbnailUrl\":\"http:\/\/webecpol.esade.edu\/wp-content\/uploads\/2024\/03\/Captura-de-pantalla-2024-03-19-a-las-12.28.35.png\",\"datePublished\":\"2024-03-20T23:01:32+00:00\",\"dateModified\":\"2024-12-18T15:33:05+00:00\",\"breadcrumb\":{\"@id\":\"http:\/\/webecpol.esade.edu\/ca\/publicacions\/se-redujo-el-fraude-fiscal-y-la-economia-sumergida-tras-la-pandemia-analisis-2019-23-a-partir-de-la-recaudacion-del-iva\/#breadcrumb\"},\"inLanguage\":\"ca\",\"potentialAction\":[{\"@type\":\"ReadAction\",\"target\":[\"http:\/\/webecpol.esade.edu\/ca\/publicacions\/se-redujo-el-fraude-fiscal-y-la-economia-sumergida-tras-la-pandemia-analisis-2019-23-a-partir-de-la-recaudacion-del-iva\/\"]}]},{\"@type\":\"ImageObject\",\"inLanguage\":\"ca\",\"@id\":\"http:\/\/webecpol.esade.edu\/ca\/publicacions\/se-redujo-el-fraude-fiscal-y-la-economia-sumergida-tras-la-pandemia-analisis-2019-23-a-partir-de-la-recaudacion-del-iva\/#primaryimage\",\"url\":\"http:\/\/webecpol.esade.edu\/wp-content\/uploads\/2024\/03\/Captura-de-pantalla-2024-03-19-a-las-12.28.35.png\",\"contentUrl\":\"http:\/\/webecpol.esade.edu\/wp-content\/uploads\/2024\/03\/Captura-de-pantalla-2024-03-19-a-las-12.28.35.png\",\"width\":1030,\"height\":686},{\"@type\":\"BreadcrumbList\",\"@id\":\"http:\/\/webecpol.esade.edu\/ca\/publicacions\/se-redujo-el-fraude-fiscal-y-la-economia-sumergida-tras-la-pandemia-analisis-2019-23-a-partir-de-la-recaudacion-del-iva\/#breadcrumb\",\"itemListElement\":[{\"@type\":\"ListItem\",\"position\":1,\"name\":\"Portada\",\"item\":\"http:\/\/webecpol.esade.edu\/ca\/\"},{\"@type\":\"ListItem\",\"position\":2,\"name\":\"Publicaciones\",\"item\":\"http:\/\/webecpol.esade.edu\/es\/publicaciones\/\"},{\"@type\":\"ListItem\",\"position\":3,\"name\":\"El frau fiscal i l&#8217;economia submergida van disminuir arran de la pand\u00e8mia? An\u00e0lisi del 2019-23 a partir de la recaptaci\u00f3 de l&#8217;IVA\"}]},{\"@type\":\"WebSite\",\"@id\":\"http:\/\/webecpol.esade.edu\/es\/#website\",\"url\":\"http:\/\/webecpol.esade.edu\/es\/\",\"name\":\"Center for Economic Policy - EsadeEcPol\",\"description\":\"\",\"potentialAction\":[{\"@type\":\"SearchAction\",\"target\":{\"@type\":\"EntryPoint\",\"urlTemplate\":\"http:\/\/webecpol.esade.edu\/es\/?s={search_term_string}\"},\"query-input\":\"required name=search_term_string\"}],\"inLanguage\":\"ca\"}]}<\/script>\n<!-- \/ Yoast SEO plugin. -->","yoast_head_json":{"title":"El frau fiscal i l'economia submergida van disminuir arran de la pand\u00e8mia? An\u00e0lisi del 2019-23 a partir de la recaptaci\u00f3 de l'IVA - Center for Economic Policy - EsadeEcPol","robots":{"index":"index","follow":"follow","max-snippet":"max-snippet:-1","max-image-preview":"max-image-preview:large","max-video-preview":"max-video-preview:-1"},"canonical":"http:\/\/webecpol.esade.edu\/ca\/publicacions\/se-redujo-el-fraude-fiscal-y-la-economia-sumergida-tras-la-pandemia-analisis-2019-23-a-partir-de-la-recaudacion-del-iva\/","og_locale":"ca_ES","og_type":"article","og_title":"El frau fiscal i l'economia submergida van disminuir arran de la pand\u00e8mia? An\u00e0lisi del 2019-23 a partir de la recaptaci\u00f3 de l'IVA - Center for Economic Policy - EsadeEcPol","og_description":"El frau fiscal i l&#8217;economia submergida van disminuir arran de la pand\u00e8mia? An\u00e0lisi del 2019-23 a partir de la recaptaci\u00f3 de l&#8217;IVA El 2020, la caiguda dels ingressos fiscals va superar la caiguda del PIB, amb un probable creixement de l&#8217;economia subterr\u00e0nia paral\u00b7lelament al descens de l&#8217;activitat econ\u00f2mica. En canvi, el creixement dels ingressos fiscals [&hellip;]","og_url":"http:\/\/webecpol.esade.edu\/ca\/publicacions\/se-redujo-el-fraude-fiscal-y-la-economia-sumergida-tras-la-pandemia-analisis-2019-23-a-partir-de-la-recaudacion-del-iva\/","og_site_name":"Center for Economic Policy - EsadeEcPol","article_modified_time":"2024-12-18T15:33:05+00:00","og_image":[{"width":1030,"height":686,"url":"http:\/\/webecpol.esade.edu\/wp-content\/uploads\/2024\/03\/Captura-de-pantalla-2024-03-19-a-las-12.28.35.png","type":"image\/png"}],"twitter_card":"summary_large_image","twitter_site":"@esadeecpol","twitter_misc":{"Temps estimat de lectura":"2 minuts"},"schema":{"@context":"https:\/\/schema.org","@graph":[{"@type":"WebPage","@id":"http:\/\/webecpol.esade.edu\/ca\/publicacions\/se-redujo-el-fraude-fiscal-y-la-economia-sumergida-tras-la-pandemia-analisis-2019-23-a-partir-de-la-recaudacion-del-iva\/","url":"http:\/\/webecpol.esade.edu\/ca\/publicacions\/se-redujo-el-fraude-fiscal-y-la-economia-sumergida-tras-la-pandemia-analisis-2019-23-a-partir-de-la-recaudacion-del-iva\/","name":"El frau fiscal i l'economia submergida van disminuir arran de la pand\u00e8mia? An\u00e0lisi del 2019-23 a partir de la recaptaci\u00f3 de l'IVA - Center for Economic Policy - EsadeEcPol","isPartOf":{"@id":"http:\/\/webecpol.esade.edu\/es\/#website"},"primaryImageOfPage":{"@id":"http:\/\/webecpol.esade.edu\/ca\/publicacions\/se-redujo-el-fraude-fiscal-y-la-economia-sumergida-tras-la-pandemia-analisis-2019-23-a-partir-de-la-recaudacion-del-iva\/#primaryimage"},"image":{"@id":"http:\/\/webecpol.esade.edu\/ca\/publicacions\/se-redujo-el-fraude-fiscal-y-la-economia-sumergida-tras-la-pandemia-analisis-2019-23-a-partir-de-la-recaudacion-del-iva\/#primaryimage"},"thumbnailUrl":"http:\/\/webecpol.esade.edu\/wp-content\/uploads\/2024\/03\/Captura-de-pantalla-2024-03-19-a-las-12.28.35.png","datePublished":"2024-03-20T23:01:32+00:00","dateModified":"2024-12-18T15:33:05+00:00","breadcrumb":{"@id":"http:\/\/webecpol.esade.edu\/ca\/publicacions\/se-redujo-el-fraude-fiscal-y-la-economia-sumergida-tras-la-pandemia-analisis-2019-23-a-partir-de-la-recaudacion-del-iva\/#breadcrumb"},"inLanguage":"ca","potentialAction":[{"@type":"ReadAction","target":["http:\/\/webecpol.esade.edu\/ca\/publicacions\/se-redujo-el-fraude-fiscal-y-la-economia-sumergida-tras-la-pandemia-analisis-2019-23-a-partir-de-la-recaudacion-del-iva\/"]}]},{"@type":"ImageObject","inLanguage":"ca","@id":"http:\/\/webecpol.esade.edu\/ca\/publicacions\/se-redujo-el-fraude-fiscal-y-la-economia-sumergida-tras-la-pandemia-analisis-2019-23-a-partir-de-la-recaudacion-del-iva\/#primaryimage","url":"http:\/\/webecpol.esade.edu\/wp-content\/uploads\/2024\/03\/Captura-de-pantalla-2024-03-19-a-las-12.28.35.png","contentUrl":"http:\/\/webecpol.esade.edu\/wp-content\/uploads\/2024\/03\/Captura-de-pantalla-2024-03-19-a-las-12.28.35.png","width":1030,"height":686},{"@type":"BreadcrumbList","@id":"http:\/\/webecpol.esade.edu\/ca\/publicacions\/se-redujo-el-fraude-fiscal-y-la-economia-sumergida-tras-la-pandemia-analisis-2019-23-a-partir-de-la-recaudacion-del-iva\/#breadcrumb","itemListElement":[{"@type":"ListItem","position":1,"name":"Portada","item":"http:\/\/webecpol.esade.edu\/ca\/"},{"@type":"ListItem","position":2,"name":"Publicaciones","item":"http:\/\/webecpol.esade.edu\/es\/publicaciones\/"},{"@type":"ListItem","position":3,"name":"El frau fiscal i l&#8217;economia submergida van disminuir arran de la pand\u00e8mia? An\u00e0lisi del 2019-23 a partir de la recaptaci\u00f3 de l&#8217;IVA"}]},{"@type":"WebSite","@id":"http:\/\/webecpol.esade.edu\/es\/#website","url":"http:\/\/webecpol.esade.edu\/es\/","name":"Center for Economic Policy - EsadeEcPol","description":"","potentialAction":[{"@type":"SearchAction","target":{"@type":"EntryPoint","urlTemplate":"http:\/\/webecpol.esade.edu\/es\/?s={search_term_string}"},"query-input":"required name=search_term_string"}],"inLanguage":"ca"}]}},"_links":{"self":[{"href":"http:\/\/webecpol.esade.edu\/ca\/wp-json\/wp\/v2\/publicaciones\/11834"}],"collection":[{"href":"http:\/\/webecpol.esade.edu\/ca\/wp-json\/wp\/v2\/publicaciones"}],"about":[{"href":"http:\/\/webecpol.esade.edu\/ca\/wp-json\/wp\/v2\/types\/publicaciones"}],"version-history":[{"count":2,"href":"http:\/\/webecpol.esade.edu\/ca\/wp-json\/wp\/v2\/publicaciones\/11834\/revisions"}],"predecessor-version":[{"id":11836,"href":"http:\/\/webecpol.esade.edu\/ca\/wp-json\/wp\/v2\/publicaciones\/11834\/revisions\/11836"}],"wp:featuredmedia":[{"embeddable":true,"href":"http:\/\/webecpol.esade.edu\/ca\/wp-json\/wp\/v2\/media\/11239"}],"wp:attachment":[{"href":"http:\/\/webecpol.esade.edu\/ca\/wp-json\/wp\/v2\/media?parent=11834"}],"curies":[{"name":"wp","href":"https:\/\/api.w.org\/{rel}","templated":true}]}}